{"id":1710,"date":"2023-09-25T16:09:53","date_gmt":"2023-09-25T13:09:53","guid":{"rendered":"https:\/\/medialiteracyforum.media-azi.md\/?page_id=1710"},"modified":"2025-09-15T17:17:53","modified_gmt":"2025-09-15T14:17:53","slug":"moldova-media-literacy-forum-2023","status":"publish","type":"page","link":"https:\/\/medialiteracyforum.media-azi.md\/index.php\/moldova-media-literacy-forum-2023\/","title":{"rendered":"Moldova Media Literacy Forum 2023"},"content":{"rendered":"\n<div class=\"wp-block-media-text is-stacked-on-mobile is-vertically-aligned-center\"><figure class=\"wp-block-media-text__media\"><img loading=\"lazy\" width=\"750\" height=\"502\" src=\"https:\/\/medialiteracyforum.media-azi.md\/wp-content\/uploads\/2021\/08\/cji.jpg\" alt=\"\" class=\"wp-image-898 size-full\" srcset=\"https:\/\/medialiteracyforum.media-azi.md\/wp-content\/uploads\/2021\/08\/cji.jpg 750w, https:\/\/medialiteracyforum.media-azi.md\/wp-content\/uploads\/2021\/08\/cji-300x201.jpg 300w\" sizes=\"(max-width: 750px) 100vw, 750px\" \/><\/figure><div class=\"wp-block-media-text__content\">\n<p>Centrul pentru Jurnalism Independent (CJI) organizeaz\u0103 pe data de 26 octombrie 2023 a doua edi\u021bie a Forumului de Educa\u021bie Media \u2013 Moldova Media Literacy Forum. Prima edi\u021bie a avut loc pe 17 septembrie 2021.<\/p>\n\n\n\n<p>\u00cen cadrul acestui eveniment, CJI \u00ee\u0219i propune s\u0103 reuneasc\u0103 la Chi\u0219in\u0103u factori de decizie, profesori \u0219i profesoare de Educa\u021bie pentru media, exper\u021bi locali \u0219i str\u0103ini pentru a discuta cele mai recente evolu\u021bii \u00een domeniu, a examina experien\u021ba \u021b\u0103rilor vecine \u0219i a analiza perspectivele acestui domeniu \u00een Moldova. Forumul va avea loc la Clasa Viitorului din incinta Universit\u0103\u021bii Pedagogice de Stat \u201eIon Creang\u0103\u201d.<\/p>\n\n\n\n<p><\/p>\n\n\n\n<p><\/p>\n\n\n\n<div class=\"wp-block-columns\">\n<div class=\"wp-block-column\"><\/div>\n\n\n\n<div class=\"wp-block-column\"><\/div>\n<\/div>\n\n\n\n<div class=\"wp-block-buttons\"><\/div>\n<\/div><\/div>\n\n\n\n<p>Timp de \u0219apte ani, disciplina op\u021bional\u0103 Educa\u021bie pentru media este parte a programului \u0219colar, fiind predat\u0103 \u00een institu\u021biile de \u00eenv\u0103\u021b\u0103m\u00e2nt din Republica Moldova la toate treptele de \u00eenv\u0103\u021b\u0103m\u00e2nt \u2013 primar\u0103, gimnazial\u0103 \u0219i liceal\u0103. \u00centr-o epoc\u0103 a re\u021belelor sociale \u0219i a internetului, importan\u021ba abilit\u0103\u021bilor de g\u00e2ndire critic\u0103 nu mai poate fi pus\u0103 la \u00eendoial\u0103. Tocmai de aceea, am considerat important s\u0103 dezvolt\u0103m abilit\u0103\u021bile de g\u00e2ndire critic\u0103 ale tinerei genera\u021bii \u00eenc\u0103 de la o v\u00e2rst\u0103 fraged\u0103, oferindu-le cuno\u0219tin\u021bele \u0219i instrumentele necesare care s\u0103 le permit\u0103 s\u0103 navigheze sigur \u00een spa\u021biul informa\u021bional. \u00cen acest context, sistemul educa\u021bional joac\u0103 un rol esen\u021bial \u00een transmiterea abilit\u0103\u021bilor de g\u00e2ndire critic\u0103, fiind mijlocul cel mai eficient de a le dezvolta elevilor capacitatea de a consuma informa\u021biile \u00een mod responsabil.<\/p>\n\n\n\n<p>\u00cen ultimii \u0219apte ani, circa 700 de \u00eenv\u0103\u021b\u0103tori \u0219i \u00eenv\u0103\u021b\u0103toare, profesori \u0219i profesoare \u0219i-au dezvoltat competen\u021bele media, fiind preg\u0103ti\u021bi s\u0103 transmit\u0103 aceste cuno\u0219tin\u021be elevilor. De asemenea, timp de \u0219apte ani, circa 20.000 de elevi au \u00eenv\u0103\u021bat sau \u00eenva\u021b\u0103 disciplina Educa\u021bie pentru media, av\u00e2nd la \u00eendem\u00e2n\u0103 resurse necesare pentru a naviga \u00een siguran\u021b\u0103 \u00een spa\u021biul online, pentru a-\u0219i cultiva eficient abilit\u0103\u021bile de g\u00e2ndire critic\u0103 \u0219i pentru a alege cu discern\u0103m\u00e2nt sursele de informa\u021bie. Astfel de abilit\u0103\u021bi sunt extrem de importante \u00een special \u00een perioade de criz\u0103, cum ar fi pandemia de Covid-19 sau r\u0103zboiul din Ucraina.<\/p>\n\n\n\n<p>De la an la an, num\u0103rul de \u0219coli \u00een care este predat\u0103 disciplina continu\u0103 s\u0103 creasc\u0103. Este o dovad\u0103 a faptului c\u0103, ast\u0103zi, educa\u021bia media devine o necesitate, iar elevii \u0219i cadrele didactice se conving tot mai mult de acest lucru. Pentru a fi \u00een pas cu noile tendin\u021be, \u00een 2023, CJI a lansat procesul de actualizare a celor trei manuale de Educa\u021bie pentru media, noul manual pentru treapta primar\u0103, at\u00e2t \u00een limba rom\u00e2n\u0103, c\u00e2t \u0219i \u00een limba rus\u0103 fiind deja scos de sub tipar.<\/p>\n\n\n\n<p>Pentru a extinde competen\u021bele de educa\u021bie media ale elevilor, \u00een anul de studii 2022-2023, CJI a lansat \u0219i un proiect-pilot care prevede includerea conceptelor de educa\u021bie media \u00een cadrul disciplinelor de baz\u0103. Ini\u021biativa a venit inclusiv din partea profesorilor care predau disciplina Educa\u021bie pentru media \u0219i a fost lansat\u0103 oficial \u00een cadrul primei edi\u021bii a Forumului de Educa\u021bie Media.<\/p>\n\n\n\n<p>Centrul pentru Jurnalism Independent sus\u021bine c\u0103 autorit\u0103\u021bile Republicii Moldova ar trebui s\u0103 recunoasc\u0103 importan\u021ba educa\u021biei media \u0219i s\u0103 preia rolul de lider \u00een promovarea alfabetiz\u0103rii informa\u021bionale \u0219i media, rol pe care acum \u00eel are de societatea civil\u0103.<\/p>\n\n\n\n<p>Prin urmare, Forumul serve\u0219te drept o platform\u0103 important\u0103 pentru facilitarea discu\u021biilor \u0219i interac\u021biunii \u00eentre factori de decizie, exper\u021bi \u0219i profesori, \u00een ideea realiz\u0103rii unui schimb de opinii, analizarea perspectivelor \u0219i evolu\u021biilor \u00een domeniu. De asemenea, este o platform\u0103 eficient\u0103 pentru a avea un schimb util de experien\u021b\u0103, pentru a \u00eemp\u0103rt\u0103\u0219i metode de predare \u0219i idei inovatoare, cu scopul de a face lec\u021biile c\u00e2t mai interesante pentru elevi.<\/p>\n\n\n\n<p>\u00cen debutul celui de-al \u0219aptelea an de predare a Educa\u021biei pentru media, CJI invit\u0103 profesorii care au urmat programele de instruire \u00een domeniu s\u0103 participe la Forumul de Educa\u021bie Media pentru a discuta despre poten\u021bialul \u0219i perspectivele educa\u021biei media \u00een Republica Moldova. \u00cen cea de-a doua parte a zilei, vor fi organizate patru ateliere \u00een cadrul c\u0103rora profesorii se vor \u00eenregistra \u00een prealabil, \u00een func\u021bie de tematicile pentru care manifest\u0103 interes. Subiectele puse \u00een discu\u021bie se vor axa pe practici inovative de integrare a media \u00een educa\u021bia formal\u0103, puterea transformatoare a Inteligen\u021bei Artificiale (AI) \u0219i implica\u021biile acesteia \u00een domeniul educa\u021biei media, alfabetizarea informa\u021bional\u0103 \u0219i media v\u0103zut\u0103 ca o component\u0103 a profesionalismului pedagogilor.<\/p>\n\n\n\n<p>Profesorii \u0219i profesoarele sunt \u00eencuraja\u021bi\/te s\u0103 se \u00eenregistreze la eveniment folosind butonul <em>\u00cenregistreaz\u0103-te<\/em> de pe aceast\u0103 platform\u0103.<\/p>\n\n\n\n<p>Num\u0103rul de participan\u021bi la eveniment este limitat. Prin urmare, \u00eendemn\u0103m profesorii s\u0103 se \u00eenregistreze din timp. Limba de lucru \u00een cadrul evenimentului va fi limba rom\u00e2n\u0103, cu asigurarea traducerii din limba englez\u0103 \u0219i rus\u0103 pentru unele sesiuni.<\/p>\n\n\n\n<p>\u00cen rezultatul discu\u021biilor \u0219i activit\u0103\u021bilor din cadrul evenimentului va fi elaborat\u0103 \u0219i propus\u0103 pentru adoptare Rezolu\u021bia Forumului care va fi transmis\u0103 Ministerului Educa\u021biei \u0219i Cercet\u0103rii.<\/p>\n\n\n\n<p>Forumul de Educa\u021bie Media este parte a proiectului \u201ePresa \u00een sprijinul democra\u021biei, incluziunii \u0219i responsabilit\u0103\u021bii \u00een Moldova\u201d (MEDIA-M), finan\u021bat de USAID, Ambasada Marii Britanii la Chi\u0219in\u0103u \u0219i implementat de Internews \u00een Moldova, care are ca scop promovarea dezvolt\u0103rii mass media independente \u0219i profesioniste, \u0219i crearea unui sector media mai rezistent la presiunile politice \u0219i economice.<\/p>\n\n\n\n<p>La fel, evenimentul este desf\u0103\u0219urat cu sus\u021binerea proiectului &nbsp;<em>\u201eConsolidarea competen\u021belor de educa\u021bie media \u00een Republica Moldova: Pilotarea abord\u0103rii integrate \u00een educa\u021bia formal\u0103\u201d, implementat \u00een parteneriat cu Deutsche Welle Akademie \u0219i cu sus\u021binerea Ministerului Federal pentru Cooperare Economic\u0103 \u0219i Dezvoltare din Germania (BMZ).<\/em><em><\/em><\/p>\n\n\n\n<p><\/p>\n\n\n\n<p><\/p>\n\n\n\n<p><\/p>\n\n\n\n<p><\/p>\n\n\n\n<p><\/p>\n\n\n\n<p><\/p>\n\n\n\n<p><\/p>\n\n\n\n<p><\/p>\n\n\n\n<p><\/p>\n\n\n\n<p><\/p>\n\n\n\n<p><\/p>\n","protected":false},"excerpt":{"rendered":"<p>Elit scripta volumus cu vim, cum no vidit prodesset interesset. Mollis legendos ne est, ex pri latine euismod apeirian. Nec molestie senserit an, eos no eirmod salutatus.<\/p>\n<p>Pro mucius everti ponderum at, vix reque scaevola eu. Ex nam veniam munere, at dico dictas mei. Ius ei assum assueverit. Nam ut assum nominavi.<\/p>\n","protected":false},"author":2,"featured_media":0,"parent":0,"menu_order":0,"comment_status":"closed","ping_status":"closed","template":"","meta":[],"_links":{"self":[{"href":"https:\/\/medialiteracyforum.media-azi.md\/index.php\/wp-json\/wp\/v2\/pages\/1710"}],"collection":[{"href":"https:\/\/medialiteracyforum.media-azi.md\/index.php\/wp-json\/wp\/v2\/pages"}],"about":[{"href":"https:\/\/medialiteracyforum.media-azi.md\/index.php\/wp-json\/wp\/v2\/types\/page"}],"author":[{"embeddable":true,"href":"https:\/\/medialiteracyforum.media-azi.md\/index.php\/wp-json\/wp\/v2\/users\/2"}],"replies":[{"embeddable":true,"href":"https:\/\/medialiteracyforum.media-azi.md\/index.php\/wp-json\/wp\/v2\/comments?post=1710"}],"version-history":[{"count":7,"href":"https:\/\/medialiteracyforum.media-azi.md\/index.php\/wp-json\/wp\/v2\/pages\/1710\/revisions"}],"predecessor-version":[{"id":2295,"href":"https:\/\/medialiteracyforum.media-azi.md\/index.php\/wp-json\/wp\/v2\/pages\/1710\/revisions\/2295"}],"wp:attachment":[{"href":"https:\/\/medialiteracyforum.media-azi.md\/index.php\/wp-json\/wp\/v2\/media?parent=1710"}],"curies":[{"name":"wp","href":"https:\/\/api.w.org\/{rel}","templated":true}]}}