{"id":687,"date":"2016-07-20T16:59:46","date_gmt":"2016-07-20T16:59:46","guid":{"rendered":"http:\/\/demo.hashthemes.com\/total\/?page_id=11"},"modified":"2021-08-23T10:33:15","modified_gmt":"2021-08-23T10:33:15","slug":"about-us","status":"publish","type":"page","link":"https:\/\/medialiteracyforum.media-azi.md\/index.php\/about-us\/","title":{"rendered":"Moldova Media Literacy Forum"},"content":{"rendered":"\n<div class=\"wp-block-media-text is-stacked-on-mobile is-vertically-aligned-center\"><figure class=\"wp-block-media-text__media\"><img loading=\"lazy\" width=\"750\" height=\"502\" src=\"https:\/\/medialiteracyforum.media-azi.md\/wp-content\/uploads\/2021\/08\/cji.jpg\" alt=\"\" class=\"wp-image-898 size-full\" srcset=\"https:\/\/medialiteracyforum.media-azi.md\/wp-content\/uploads\/2021\/08\/cji.jpg 750w, https:\/\/medialiteracyforum.media-azi.md\/wp-content\/uploads\/2021\/08\/cji-300x201.jpg 300w\" sizes=\"(max-width: 750px) 100vw, 750px\" \/><\/figure><div class=\"wp-block-media-text__content\">\n<h2 style=\"font-size:40px\"><\/h2>\n\n\n\n<p>Centrul pentru Jurnalism Independent (CJI) organizeaz\u0103 pe data de 17 septembrie 2021 primul forum de educa\u021bie media \u2013 Moldova Media Literacy Forum. Prin acest eveniment, CJI \u00ee\u0219i propune s\u0103 adune la Chi\u0219in\u0103u profesori \u0219i profesoare de Educa\u021bie pentru media, exper\u021bi locali \u0219i de peste hotare, pentru a pune \u00een discu\u021bie ultimele evolu\u021bii \u00een domeniu, a afla experien\u021ba \u021b\u0103rilor vecine \u0219i a analiza perspectivele acestei noi discipline \u00een R. Moldova. Forumul va avea loc \u00een Clasa Viitorului din incinta UPS \u201eIon Creang\u0103\u201d.<\/p>\n\n\n\n<p><\/p>\n\n\n\n<div class=\"wp-block-columns\">\n<div class=\"wp-block-column\"><\/div>\n\n\n\n<div class=\"wp-block-column\"><\/div>\n<\/div>\n\n\n\n<div class=\"wp-block-buttons\"><\/div>\n<\/div><\/div>\n\n\n\n<p class=\"has-text-align-left\">De patru ani, mai exact din anul de studii 2017-2018, disciplina op\u021bional\u0103 Educa\u021bie pentru media este predat\u0103 \u00een \u0219colile din Republica Moldova. Am \u00eenceput de la treapta primar\u0103, am continuat cu treapta gimnazial\u0103 \u0219i apoi liceal\u0103, pentru a ajuta elevii \u0219i tinerii s\u0103-\u0219i formeze o cultur\u0103 media care s\u0103 le permit\u0103 s\u0103 g\u00e2ndeasc\u0103 critic \u0219i s\u0103 se simt\u0103 \u00een siguran\u021b\u0103 \u00een spa\u021biul online. Am instruit cadrele didactice, le-am format abilit\u0103\u021bi media indispensabile \u00een sec. XXI \u0219i le-am pus la dispozi\u021bie instrumentele necesare pentru a preda aceast\u0103 nou\u0103 disciplin\u0103 \u00een \u0219coal\u0103. Prin urmare, an de an, tot mai mul\u021bi profesori \u0219i profesoare devin mesageri ai g\u00e2ndirii critice \u0219i ambasadori ai Educa\u021biei pentru media \u00een \u0219coal\u0103.<\/p>\n\n\n\n<p>\u00cen debutul celui de-al cincilea an de predare a Educa\u021biei pentru media, CJI invit\u0103 profesorii care au urmat programele de instruire \u00een domeniu s\u0103 participe la Moldova Media Literacy Forum pentru a discuta despre poten\u021bialul \u0219i perspectivele educa\u021biei media \u00een Republica Moldova, dar \u0219i pentru face un schimb util de experien\u021b\u0103 cu reprezentan\u021bi ai \u021b\u0103rilor din regiune. \u00cen cea de-a doua parte a zilei, vor fi organizate \u0219ase masterclassuri la care profesorii vor avea posibilitatea s\u0103 se \u00eenregistreze \u00een prealabil, \u00een func\u021bie de preferin\u021be. Subiectele discutate vor viza integrarea conceptelor de Educa\u021bie pentru media \u00een cadrul disciplinelor reale \u0219i umaniste, precum \u0219i tehnicile de predare a Educa\u021biei pentru media prin intermediul instrumentelor digitale pentru a face lec\u021bii mai interactive. De asemenea, participan\u021bii vor discuta despre influenceri \u0219i valorile pe care ace\u0219tia le promoveaz\u0103, vor analiza fenomenul cyberbullyingului prin prisma aspectelor psihologice \u0219i vor \u00eencerca s\u0103 afle ce presupune dezordinea informa\u021biei pe timp de pandemie.<\/p>\n\n\n\n<p>Profesorii \u0219i profesoarele sunt \u00eencuraja\u021bi\/te s\u0103 se \u00eenregistreze la eveniment folosind butonul<strong> <em>\u00cenregistreaz\u0103-te<\/em><\/strong> de pe aceast\u0103 platform\u0103.<\/p>\n\n\n\n<p>\u00cen condi\u021bii de pandemie, num\u0103rul de participan\u021bi la Moldova Media Literacy Forum este limitat. Prin urmare, \u00eendemn\u0103m profesorii s\u0103 se \u00eenregistreze din timp. CJI va asigura m\u0103surile necesare de protec\u021bie impuse \u00een situa\u021bie de pandemie, prin men\u021binerea distan\u021bei fizice dintre participan\u021bi \u0219i punerea la dispozi\u021bie a m\u0103\u0219tilor \u0219i dezinfectan\u021bilor.<\/p>\n\n\n\n<p>Limba de lucru \u00een cadrul Moldova Media Literacy Forum va fi limba rom\u00e2n\u0103, cu asigurarea traducerii din limba englez\u0103 \u0219i rus\u0103 pentru unele sesiuni.<\/p>\n\n\n\n<p>\u00cen rezultatul discu\u021biilor \u0219i activit\u0103\u021bilor din cadrul evenimentului va fi elaborat\u0103 \u0219i propus\u0103 pentru adoptare Rezolu\u021bia Moldova Media Literacy Forum care va fi transmis\u0103 Ministerului Educa\u021biei \u0219i Cercet\u0103rii.<\/p>\n\n\n\n<p>Moldova Media Literacy Forum este organizat de Centrul pentru Jurnalism Independent \u00een cadrul proiectului \u201ePresa \u00een sprijinul democra\u0163iei, incluziunii \u015fi responsabilit\u0103\u0163ii \u00een Moldova\u201d (MEDIA-M), implementat de Internews \u00een Moldova \u015fi finan\u0163at de USAID \u0219i UK. &nbsp;<\/p>\n\n\n\n<p>La fel, partener al CJI \u00een cadrul acestui eveniment este \u0219i Deutsche Welle Akademie.<\/p>\n","protected":false},"excerpt":{"rendered":"<p>Elit scripta volumus cu vim, cum no vidit prodesset interesset. Mollis legendos ne est, ex pri latine euismod apeirian. Nec molestie senserit an, eos no eirmod salutatus.<\/p>\n<p>Pro mucius everti ponderum at, vix reque scaevola eu. Ex nam veniam munere, at dico dictas mei. Ius ei assum assueverit. Nam ut assum nominavi.<\/p>\n","protected":false},"author":1,"featured_media":0,"parent":0,"menu_order":0,"comment_status":"closed","ping_status":"closed","template":"","meta":[],"_links":{"self":[{"href":"https:\/\/medialiteracyforum.media-azi.md\/index.php\/wp-json\/wp\/v2\/pages\/687"}],"collection":[{"href":"https:\/\/medialiteracyforum.media-azi.md\/index.php\/wp-json\/wp\/v2\/pages"}],"about":[{"href":"https:\/\/medialiteracyforum.media-azi.md\/index.php\/wp-json\/wp\/v2\/types\/page"}],"author":[{"embeddable":true,"href":"https:\/\/medialiteracyforum.media-azi.md\/index.php\/wp-json\/wp\/v2\/users\/1"}],"replies":[{"embeddable":true,"href":"https:\/\/medialiteracyforum.media-azi.md\/index.php\/wp-json\/wp\/v2\/comments?post=687"}],"version-history":[{"count":6,"href":"https:\/\/medialiteracyforum.media-azi.md\/index.php\/wp-json\/wp\/v2\/pages\/687\/revisions"}],"predecessor-version":[{"id":1501,"href":"https:\/\/medialiteracyforum.media-azi.md\/index.php\/wp-json\/wp\/v2\/pages\/687\/revisions\/1501"}],"wp:attachment":[{"href":"https:\/\/medialiteracyforum.media-azi.md\/index.php\/wp-json\/wp\/v2\/media?parent=687"}],"curies":[{"name":"wp","href":"https:\/\/api.w.org\/{rel}","templated":true}]}}